{"id":9,"date":"2021-06-08T14:00:30","date_gmt":"2021-06-08T12:00:30","guid":{"rendered":"http:\/\/wp.scholl-ulm.de\/?page_id=9"},"modified":"2023-07-30T13:08:03","modified_gmt":"2023-07-30T11:08:03","slug":"aktuelles","status":"publish","type":"page","link":"http:\/\/www.scholl-ulm.de\/?page_id=9","title":{"rendered":"Aktuelles"},"content":{"rendered":"<div class=\"side_content\">\n<div class=\"text\">\n<h2><strong><span style=\"color: #800000;\">Neu<\/span><span style=\"color: #800000;\"> ins<\/span><span style=\"color: #800000;\"> Programm aufgenommen<\/span><\/strong><\/h2>\n<\/div>\n<\/div>\n<p style=\"padding-left: 40px;\"><strong>Eine flache, nur 7 mm hohe Aluschiene in wei\u00df\u00a0 1-l\u00e4ufig<\/strong><\/p>\n<p style=\"padding-left: 40px;\"><strong>geeignet zum durchbohren oder Befestigung mit Spannclip<\/strong><\/p>\n<p>&nbsp;<\/p>\n<p style=\"padding-left: 40px;\"><a href=\"https:\/\/www.scholl-ulm.de\/?attachment_id=862\" rel=\"attachment wp-att-862\"><img decoding=\"async\" loading=\"lazy\" class=\"alignnone wp-image-862 size-full\" src=\"http:\/\/www.scholl-ulm.de\/wp-content\/uploads\/2021\/06\/3101.bmp\" alt=\"\" width=\"182\" height=\"158\" \/>\u00a0\u00a0\u00a0 <\/a><a href=\"https:\/\/www.scholl-ulm.de\/?attachment_id=867\" rel=\"attachment wp-att-867\"><img decoding=\"async\" loading=\"lazy\" class=\"alignnone size-full wp-image-867\" src=\"http:\/\/www.scholl-ulm.de\/wp-content\/uploads\/2021\/06\/3101-Mass-a.bmp\" alt=\"\" width=\"166\" height=\"82\" \/><\/a><\/p>\n<div class=\"side_content\"><\/div>\n<p>&nbsp;<\/p>\n<h1><span style=\"color: #ff6600;\"><strong>Die neue Schienengeneration<\/strong><\/span><\/h1>\n<p>&nbsp;<\/p>\n<p><a href=\"https:\/\/www.scholl-ulm.de\/?attachment_id=388\" rel=\"attachment wp-att-388\"><img decoding=\"async\" loading=\"lazy\" class=\"alignnone size-full wp-image-388\" src=\"http:\/\/www.scholl-ulm.de\/wp-content\/uploads\/2019\/12\/92710.jpg\" alt=\"\" width=\"131\" height=\"176\" \/><\/a>\u00a0 \u00a0 <a href=\"https:\/\/www.scholl-ulm.de\/?attachment_id=303\" rel=\"attachment wp-att-303\"><img decoding=\"async\" loading=\"lazy\" class=\"alignnone wp-image-303\" src=\"http:\/\/www.scholl-ulm.de\/wp-content\/uploads\/2019\/12\/BildReg_03-e1577462108644.jpg\" alt=\"\" width=\"302\" height=\"110\" \/><\/a>\u00a0 \u00a0 <a href=\"https:\/\/www.scholl-ulm.de\/?attachment_id=97\" rel=\"attachment wp-att-97\"><img decoding=\"async\" loading=\"lazy\" class=\"alignnone size-medium wp-image-97\" src=\"http:\/\/www.scholl-ulm.de\/wp-content\/uploads\/2016\/05\/Hochkant-1-300x109.jpg\" alt=\"\" width=\"300\" height=\"109\" srcset=\"http:\/\/www.scholl-ulm.de\/wp-content\/uploads\/2016\/05\/Hochkant-1-300x109.jpg 300w, http:\/\/www.scholl-ulm.de\/wp-content\/uploads\/2016\/05\/Hochkant-1.jpg 467w\" sizes=\"(max-width: 300px) 100vw, 300px\" \/><\/a><\/p>\n<p>&nbsp;<\/p>\n<p><strong>Das neue Hochkant-Profil setzt sich immer mehr durch.<\/strong><\/p>\n<p><strong>Es bietet ein zeitgem\u00e4\u00dfes Design und eine bessere<\/strong><\/p>\n<p><strong>Zweckerf\u00fcllung\u00a0<\/strong><strong>als die Vorg\u00e4nger.<\/strong><\/p>\n<p><strong><span style=\"color: #0000ff;\">Das Profil 35 x 14 mm gibt eine enorme Stabilit\u00e4t,<\/span><\/strong><\/p>\n<p><strong><span style=\"color: #0000ff;\">so dass evtl. erst ab 280-300 cm ein Zwischentr\u00e4ger<\/span><\/strong><\/p>\n<p><strong><span style=\"color: #0000ff;\">ben\u00f6tigt wird.<\/span><\/strong><\/p>\n<p><strong><span style=\"color: #0000ff;\">In vielen F\u00e4llen muss daher der Rolladen-Kasten<\/span><\/strong><\/p>\n<p><strong><span style=\"color: #0000ff;\">nicht mehr angebohrt werden.<\/span><\/strong><\/p>\n<p><strong>In unserem Scholl-Katalog Register 3 finden Sie<\/strong><\/p>\n<p><strong>die vollst\u00e4ndigen Preislisten.<\/strong><\/p>\n<div class=\"side_content\">\n<div class=\"text\">\n<div class=\"csRow\">\n<div class=\"csColumn\" style=\"margin: 0px; padding: 0px; float: left; width: 47.7%;\" data-csstartpoint=\"487.5\" data-csendpoint=\"945\" data-cswidth=\"47.7%\" data-csid=\"39f3dc7d-c7df-cd99-8db4-f7e6df76a3b5\">\n<p>&nbsp;<\/p>\n<\/div>\n<\/div>\n<\/div>\n<\/div>\n<p>&nbsp;<\/p>\n<p>&nbsp;<\/p>\n<h1><span style=\"color: #ff0000;\"><strong>\u00a0Plissee\u00a0<\/strong><\/span><\/h1>\n<p><span style=\"color: #ff0000;\"><strong>\u00a0<span style=\"color: #ff6600;\">(aus eigener Produktion)<\/span><\/strong><\/span><\/p>\n<h6><img decoding=\"async\" loading=\"lazy\" class=\"alignnone size-thumbnail wp-image-720\" src=\"http:\/\/www.scholl-ulm.de\/wp-content\/uploads\/2020\/01\/Gesicht-Plissee-150x150.jpg\" alt=\"\" width=\"150\" height=\"150\" \/>\u00a0 \u00a0 \u00a0 \u00a0 \u00a0 \u00a0 <img decoding=\"async\" loading=\"lazy\" class=\"alignnone size-thumbnail wp-image-693\" src=\"http:\/\/www.scholl-ulm.de\/wp-content\/uploads\/2020\/01\/Karibic-150x150.jpg\" alt=\"\" width=\"150\" height=\"150\" \/>\u00a0 \u00a0 \u00a0 \u00a0 <img decoding=\"async\" loading=\"lazy\" class=\"alignnone size-thumbnail wp-image-646\" src=\"http:\/\/www.scholl-ulm.de\/wp-content\/uploads\/2019\/12\/win-Foto-4-150x150.jpg\" alt=\"\" width=\"150\" height=\"150\" \/>\u00a0 \u00a0 \u00a0 <img decoding=\"async\" loading=\"lazy\" class=\"alignnone size-thumbnail wp-image-664\" src=\"http:\/\/www.scholl-ulm.de\/wp-content\/uploads\/2020\/01\/DSCN1045-150x150.jpg\" alt=\"\" width=\"150\" height=\"150\" \/><\/h6>\n<h4><span style=\"color: #ff0000;\">\u00a0<\/span><\/h4>\n<h2><span style=\"color: #0000ff;\"><strong>Siehe \u00a0Register \u00a0Plissee<\/strong><\/span><\/h2>\n<h2><\/h2>\n<h2><span style=\"color: #0000ff;\"><strong> \u00a0 \u00a0 \u00a0<\/strong> \u00a0 \u00a0 \u00a0 \u00a0 \u00a0 \u00a0 \u00a0 \u00a0 \u00a0 \u00a0 \u00a0 \u00a0 \u00a0 \u00a0 \u00a0 \u00a0 \u00a0 \u00a0 \u00a0 \u00a0 \u00a0 \u00a0 \u00a0 \u00a0 \u00a0 \u00a0 \u00a0 \u00a0 \u00a0 \u00a0 \u00a0 \u00a0 \u00a0 \u00a0 \u00a0 \u00a0 \u00a0 \u00a0\u00a0<\/span><\/h2>\n<h1><span style=\"color: #ff0000;\"><strong>Fliegengitter\u00a0 \u00a0<\/strong><\/span><\/h1>\n<p><span style=\"color: #ff0000;\"><strong><span style=\"color: #ff6600;\">(aus eigener Produktion)<\/span><\/strong><\/span><\/p>\n<p>&nbsp;<\/p>\n<p>&nbsp;<\/p>\n<p><strong>Der absolute Renner ist jedoch unsere Neuvorstellung:<\/strong><\/p>\n<h1 style=\"padding-left: 40px;\"><span style=\"color: #ff0000;\"><strong>Switch &#8211; Gleiter\u00a0 SW 10<\/strong><\/span><\/h1>\n<p><a href=\"https:\/\/www.scholl-ulm.de\/?attachment_id=384\" rel=\"attachment wp-att-384\"><img decoding=\"async\" loading=\"lazy\" class=\"alignnone size-medium wp-image-384\" src=\"http:\/\/www.scholl-ulm.de\/wp-content\/uploads\/2019\/12\/SW-10-144x300.jpg\" alt=\"\" width=\"144\" height=\"300\" srcset=\"http:\/\/www.scholl-ulm.de\/wp-content\/uploads\/2019\/12\/SW-10-144x300.jpg 144w, http:\/\/www.scholl-ulm.de\/wp-content\/uploads\/2019\/12\/SW-10-490x1024.jpg 490w, http:\/\/www.scholl-ulm.de\/wp-content\/uploads\/2019\/12\/SW-10.jpg 590w\" sizes=\"(max-width: 144px) 100vw, 144px\" \/><\/a>\u00a0 \u00a0 <a href=\"https:\/\/www.scholl-ulm.de\/?attachment_id=402\" rel=\"attachment wp-att-402\"><img decoding=\"async\" loading=\"lazy\" class=\"alignnone size-medium wp-image-402\" src=\"http:\/\/www.scholl-ulm.de\/wp-content\/uploads\/2019\/12\/sw-10-Gleiter-180x300.jpg\" alt=\"\" width=\"180\" height=\"300\" srcset=\"http:\/\/www.scholl-ulm.de\/wp-content\/uploads\/2019\/12\/sw-10-Gleiter-180x300.jpg 180w, http:\/\/www.scholl-ulm.de\/wp-content\/uploads\/2019\/12\/sw-10-Gleiter.jpg 198w\" sizes=\"(max-width: 180px) 100vw, 180px\" \/><\/a><\/p>\n<p>&nbsp;<\/p>\n<p><strong>Einklicken&#8230;..kennt jeder\u00a0 !<\/strong><\/p>\n<h2><strong><span style=\"color: #ff0000;\">Den SW 10\u00a0 kann man auch wieder ausklicken<\/span><\/strong><\/h2>\n<p>&nbsp;<\/p>\n<p>&nbsp;<\/p>\n","protected":false},"excerpt":{"rendered":"<p>Neu ins Programm aufgenommen Eine flache, nur 7 mm hohe Aluschiene in wei\u00df\u00a0 1-l\u00e4ufig geeignet zum durchbohren oder Befestigung mit Spannclip &nbsp; \u00a0\u00a0\u00a0 &nbsp; Die neue Schienengeneration &nbsp; \u00a0 \u00a0 \u00a0 \u00a0 &nbsp; Das neue Hochkant-Profil setzt sich immer mehr durch. Es bietet ein zeitgem\u00e4\u00dfes Design und eine bessere Zweckerf\u00fcllung\u00a0als die Vorg\u00e4nger. Das Profil 35 [&hellip;]<\/p>\n","protected":false},"author":1,"featured_media":0,"parent":0,"menu_order":0,"comment_status":"closed","ping_status":"closed","template":"","meta":[],"_links":{"self":[{"href":"http:\/\/www.scholl-ulm.de\/index.php?rest_route=\/wp\/v2\/pages\/9"}],"collection":[{"href":"http:\/\/www.scholl-ulm.de\/index.php?rest_route=\/wp\/v2\/pages"}],"about":[{"href":"http:\/\/www.scholl-ulm.de\/index.php?rest_route=\/wp\/v2\/types\/page"}],"author":[{"embeddable":true,"href":"http:\/\/www.scholl-ulm.de\/index.php?rest_route=\/wp\/v2\/users\/1"}],"replies":[{"embeddable":true,"href":"http:\/\/www.scholl-ulm.de\/index.php?rest_route=%2Fwp%2Fv2%2Fcomments&post=9"}],"version-history":[{"count":39,"href":"http:\/\/www.scholl-ulm.de\/index.php?rest_route=\/wp\/v2\/pages\/9\/revisions"}],"predecessor-version":[{"id":1836,"href":"http:\/\/www.scholl-ulm.de\/index.php?rest_route=\/wp\/v2\/pages\/9\/revisions\/1836"}],"wp:attachment":[{"href":"http:\/\/www.scholl-ulm.de\/index.php?rest_route=%2Fwp%2Fv2%2Fmedia&parent=9"}],"curies":[{"name":"wp","href":"https:\/\/api.w.org\/{rel}","templated":true}]}}